{"id":3583,"date":"2024-06-07T15:40:06","date_gmt":"2024-06-07T13:40:06","guid":{"rendered":"https:\/\/azelec.be\/compteurs-electriques\/"},"modified":"2026-02-19T15:47:56","modified_gmt":"2026-02-19T14:47:56","slug":"elektrische-meters","status":"publish","type":"page","link":"https:\/\/azelec.be\/nl\/diensten\/algemene-elektriciteit\/elektrische-meters\/","title":{"rendered":"Elektrische meters"},"content":{"rendered":"\n\t\t\t<div class=\"container alll-container\">\n\t\t\t\t<div class=\"alll-row row justify-content-center\">\n\t\t\t\t\t<div class=\"alll-rowInner alll-rowInner--general\">\n<h1 class=\"wp-block-heading\">Versterking van de <strong>elektriciteitsmeter<\/strong><\/h1>\n<\/div><\/div><\/div>\n\t\t\t<div class=\"container alll-container\">\n\t\t\t\t<div class=\"alll-row row justify-content-center\">\n\t\t\t\t\t<div class=\"alll-rowInner alll-rowInner--general\">\n\n<\/div><\/div><\/div>\n\t\t\t<div class=\"container alll-container\">\n\t\t\t\t<div class=\"alll-row row justify-content-center\">\n\t\t\t\t\t<div class=\"alll-rowInner alll-rowInner--general\">\n<p><em>In de loop der jaren kunnen uw behoeften op het vlak van elektriciteitsverbruik omwille van een aantal redenen veranderen. Wanneer er meer vermogen nodig is dan wat uw meter levert, dan zult u regelmatig last hebben van stroompannes. Behoud uw levenscomfort en ontdek onze totaaloplossingen voor de versterking van uw elektriciteitsmeter.<\/em><\/p>\n<\/div><\/div><\/div>\n\t\t\t<div class=\"container alll-container\">\n\t\t\t\t<div class=\"alll-row row justify-content-center\">\n\t\t\t\t\t<div class=\"alll-rowInner alll-rowInner--general\">\n\n<\/div><\/div><\/div><div class=\"container-xxl\"><div class=\"row justify-content-center\"><div class=\"alll-rowInner alll-rowInner--side\">\n\n\n\n\n\n\n\n\n    <div class=\"m-flexible animated fadeInUp animate__slow m-flexible--sideBySide \" id=\"js-sideBySide-block_da88bb66e5bbaec6f6e4e9faf42ad300\" >\n\n        <div class=\"m-flexible--sideBySide__child \">\n\n            <div class=\"m-flexible--sideBySide__body row justify-content-left\">\n\n                <div class=\"m-flexible--sideBySide__inception m-flexible--sideBySide__inception--img col-xxxl-6 col-xl-6 col-lg-12 col-md-12 col-sm-12 \">\n\n                    \n                    <img decoding=\"async\"   \n        width=\"500\"  height=\"190\" \n        src=\"https:\/\/azelec.be\/wp-content\/uploads\/2024\/10\/shutterstock_2088756973-500x190.jpg\" \n        srcset=\"https:\/\/azelec.be\/wp-content\/uploads\/2024\/10\/shutterstock_2088756973-500x190.jpg 500w, https:\/\/azelec.be\/wp-content\/uploads\/2024\/10\/shutterstock_2088756973-1000x385.jpg 1000w, https:\/\/azelec.be\/wp-content\/uploads\/2024\/10\/shutterstock_2088756973-2000x770.jpg 2000w\" \n        sizes=\"(max-width: 1199px) 100vw, 50vw\"  \n        alt=\"Het vermogen van een elektriciteitsmeter vergroten.\"\n    \/>\n                <\/div>\n\n                <div class=\"m-flexible--sideBySide__inception m-flexible--sideBySide__inception--content col-xxl-4 col-xl-5 col-lg-12 col-md-12 col-sm-12 \">\n\n                                                                                <h2 class=\"\">Waarom het vermogen van een <strong>elektriciteitsmeter verhogen?<\/strong><\/h2>                        \n                                                    <p>U kunt om allerlei redenen meer vermogen nodig hebben voor uw elektrische installatie:<\/p>\n<ul>\n<li>U koopt nieuwe elektrische apparaten (wasmachine, oven, televisie, enz.)<\/li>\n<li>U verhuist naar een oudere woning, waar het vermogen van de meter niet overeenstemt met uw huidige behoeften<\/li>\n<li>U breidt uw woning uit (en dus ook de elektrische installatie)<\/li>\n<li>Uw gezin wordt groter, waardoor het elektriciteitsverbruik stijgt<\/li>\n<li>Enz.<\/li>\n<\/ul>\n<p>In elk van deze gevallen waarbij uw elektriciteitsmeter niet compatibel is, zullen uw zekeringen telkens springen wanneer u meer vermogen gebruikt dan beschikbaar is. Door de meter te versterken, bent u er zeker van dat het totale vermogen<strong> van al uw elektrische apparaten niet hoger is dan dat van uw meter<\/strong>. Uw wooncomfort blijft behouden.<\/p>\n                        \n                        \n                        \n\n                <\/div><!-- \/sideBySide__inception -->\n\n            <\/div><!-- \/sideBySide body -->\n\n        <\/div><!-- \/sideBySide child -->\n\n    <\/div><!-- \/sideBySide flexible -->\n\n\n<\/div><\/div><\/div>\n\t\t\t<div class=\"container alll-container\">\n\t\t\t\t<div class=\"alll-row row justify-content-center\">\n\t\t\t\t\t<div class=\"alll-rowInner alll-rowInner--general\">\n\n<\/div><\/div><\/div><div class=\"container-xxl\"><div class=\"row justify-content-center\"><div class=\"alll-rowInner alll-rowInner--side\">\n\n\n\n\n\n\n\n\n    <div class=\"m-flexible animated fadeInUp animate__slow m-flexible--sideBySide \" id=\"js-sideBySide-block_e963052441f4b36c12345e95ba64920e\" >\n\n        <div class=\"m-flexible--sideBySide__child \">\n\n            <div class=\"m-flexible--sideBySide__body row justify-content-left\">\n\n                <div class=\"m-flexible--sideBySide__inception m-flexible--sideBySide__inception--img col-xxxl-6 col-xl-6 col-lg-12 col-md-12 col-sm-12 order-xl-last\">\n\n                    \n                    <img decoding=\"async\"   \n        width=\"500\"  height=\"190\" \n        src=\"https:\/\/azelec.be\/wp-content\/uploads\/2024\/10\/shutterstock_2450064073-1-scaled-e1730020539685-500x190.jpg\" \n        srcset=\"https:\/\/azelec.be\/wp-content\/uploads\/2024\/10\/shutterstock_2450064073-1-scaled-e1730020539685-500x190.jpg 500w, https:\/\/azelec.be\/wp-content\/uploads\/2024\/10\/shutterstock_2450064073-1-scaled-e1730020539685-1000x385.jpg 1000w, https:\/\/azelec.be\/wp-content\/uploads\/2024\/10\/shutterstock_2450064073-1-scaled-e1730020539685-2000x770.jpg 2000w\" \n        sizes=\"(max-width: 1199px) 100vw, 50vw\"  \n        alt=\"Controle van het vermogen van een elektriciteitsmeter.\"\n    \/>\n                <\/div>\n\n                <div class=\"m-flexible--sideBySide__inception m-flexible--sideBySide__inception--content col-xxl-4 col-xl-5 col-lg-12 col-md-12 col-sm-12  order-xl-first offset-xxl-1\">\n\n                                                                                <h2 class=\"\">Het vermogen van de <strong>elektriciteitsmeter kennen<\/strong><\/h2>                        \n                                                    <p>Om te weten of een versterking van de elektriciteitsmeter nodig is, moet u het vermogen ervan kunnen berekenen in verhouding tot uw behoeften. Hiervoor moet u <strong>2 metingen<\/strong> onderscheiden:<\/p>\n<ul>\n<li>Het schijnbare vermogen, namelijk het maximum dat uw installatie kan ondersteunen, uitgedrukt in kilovoltamp\u00e8re (kVA)<\/li>\n<li>Het actieve vermogen (dat van uw huishoudelijke apparaten bijvoorbeeld), uitgedrukt in kilowatt (kW)<\/li>\n<\/ul>\n<p>Om stroompannes te vermijden, moet <strong>het totale actieve vermogen van al uw elektrische apparaten lager zijn dan of gelijk zijn aan het schijnbare vermogen<\/strong>.<\/p>\n<p>In Belgi\u00eb zijn de elektrische huishoudelijke installaties meestal aangesloten op een meter van 40 amp\u00e8re (40 A), wat overeenkomt met +\/- 9,2 kVA. Wanneer uw apparaten meer dan 9 kW verbruiken, moet u de elektriciteitsmeter versterken.<\/p>\n                        \n                        \n                        \n\n                <\/div><!-- \/sideBySide__inception -->\n\n            <\/div><!-- \/sideBySide body -->\n\n        <\/div><!-- \/sideBySide child -->\n\n    <\/div><!-- \/sideBySide flexible -->\n\n\n<\/div><\/div><\/div>\n\t\t\t<div class=\"container alll-container\">\n\t\t\t\t<div class=\"alll-row row justify-content-center\">\n\t\t\t\t\t<div class=\"alll-rowInner alll-rowInner--general\">\n\n<\/div><\/div><\/div><div class=\"container-xxl\"><div class=\"row justify-content-center\"><div class=\"alll-rowInner alll-rowInner--side\">\n\n\n\n\n\n\n\n\n    <div class=\"m-flexible animated fadeInUp animate__slow m-flexible--sideBySide \" id=\"js-sideBySide-block_60c2405b6e9b44e691025740791b90e8\" >\n\n        <div class=\"m-flexible--sideBySide__child \">\n\n            <div class=\"m-flexible--sideBySide__body row justify-content-left\">\n\n                <div class=\"m-flexible--sideBySide__inception m-flexible--sideBySide__inception--img col-xxxl-6 col-xl-6 col-lg-12 col-md-12 col-sm-12 \">\n\n                    \n                    <img decoding=\"async\"   \n        width=\"413\"  height=\"190\" \n        src=\"https:\/\/azelec.be\/wp-content\/uploads\/2024\/06\/controle-conformite-500x230.jpg\" \n        srcset=\"https:\/\/azelec.be\/wp-content\/uploads\/2024\/06\/controle-conformite-500x230.jpg 413w, https:\/\/azelec.be\/wp-content\/uploads\/2024\/06\/controle-conformite-1000x385.jpg 1000w, https:\/\/azelec.be\/wp-content\/uploads\/2024\/06\/controle-conformite-2000x770.jpg 2000w\" \n        sizes=\"(max-width: 1199px) 100vw, 50vw\"  \n        alt=\"Een technicus controleert de conformiteit van een gebouw.\"\n    \/>\n                <\/div>\n\n                <div class=\"m-flexible--sideBySide__inception m-flexible--sideBySide__inception--content col-xxl-4 col-xl-5 col-lg-12 col-md-12 col-sm-12 \">\n\n                                                                                <h2 class=\"\">Controle van de <strong>conformiteit<\/strong><\/h2>                        \n                                                    <p><span data-contrast=\"none\">Om uw elektriciteitsmeter te kunnen versterken, bent u verplicht een <a href=\"https:\/\/azelec.be\/nl\/diensten\/algemene-elektriciteit\/elektrische-installatie\/\">conformiteitsattest<\/a> voor te leggen. Dit attest moet recent zijn en uitgegeven zijn door een erkende instantie.<\/span><span data-ccp-props=\"{&quot;201341983&quot;:0,&quot;335559739&quot;:0,&quot;335559740&quot;:240}\">\u00a0<\/span><\/p>\n<p><span class=\"TextRun SCXW88066397 BCX2\" lang=\"NL-BE\" xml:lang=\"NL-BE\" data-contrast=\"none\"><span class=\"NormalTextRun SCXW88066397 BCX2\">Wilt u het vermogen van uw <\/span><span class=\"NormalTextRun SCXW88066397 BCX2\">elektriciteitsmeter<\/span><span class=\"NormalTextRun SCXW88066397 BCX2\"> verhogen? Wilt u de nodige elektriciteitswerken laten uitvoeren voordat uw energieleverancier een interventie aan uw <\/span><span class=\"NormalTextRun SCXW88066397 BCX2\">meter<\/span><span class=\"NormalTextRun SCXW88066397 BCX2\"> komt uitvoeren?\u00a0<\/span><\/span><span class=\"TextRun SCXW88066397 BCX2\" lang=\"NL-BE\" xml:lang=\"NL-BE\" data-contrast=\"none\"><span class=\"NormalTextRun SCXW88066397 BCX2\">Contacteer ons dan op het numme<\/span><\/span>r 02\/479.40.27 of <a href=\"https:\/\/azelec.be\/nl\/interventieaanvraag\/\">vraag een interventie<\/a> aan.<\/p>\n                        \n                        \n                        \n\n                <\/div><!-- \/sideBySide__inception -->\n\n            <\/div><!-- \/sideBySide body -->\n\n        <\/div><!-- \/sideBySide child -->\n\n    <\/div><!-- \/sideBySide flexible -->\n\n\n<\/div><\/div><\/div>\n\t\t\t<div class=\"container alll-container\">\n\t\t\t\t<div class=\"alll-row row justify-content-center\">\n\t\t\t\t\t<div class=\"alll-rowInner alll-rowInner--general\">\n\n<\/div><\/div><\/div>\n\t\t\t<div class=\"container alll-container\">\n\t\t\t\t<div class=\"alll-row row justify-content-center\">\n\t\t\t\t\t<div class=\"alll-rowInner alll-rowInner--general\">\n\n\n\n\n\n    <div class=\"m-flexible animated fadeInUp animate__slow m-flexible m-flexible--ctaButtons  m-txt--center \" id=\"js-ctaButtons-block_b78a6f9bd0fc453b237475de00f9d15f\">\n\n        <div class=\"m-flexible--ctaButtons__child container\">\n\n            <div class=\"m-flexible--ctaButtons__body row justify-content-center\">\n\n                <div class=\"m-flexible--ctaButtons__inception col-10 col-lg-8 col-md-6 col-sm-4\">\n\n                        \n                        \n                        \n                        \n                            <div class=\"m-actionContainer\">\n\n                                 \n\n                                <a \n                                    href=\"https:\/\/azelec.be\/nl\/offerte-aanvraag\/\" \n\n                                    data-event=\"az_intent_cta_click\" data-cta-position=\"end_of_page\" data-lang=\"nl\" data-page-type=\"service\" data-cta-type=\"quote\"\n                                    class=\"\n                                    m-action\">\n                                    <span>Offerte aanvragen<\/span>\n                                <\/a>\n\n                            <\/div><!-- \/actionContainer -->\n\n                        \n\n                <\/div><!-- \/ctaButtons__inception -->\n\n            <\/div><!-- \/ctaButtons body -->\n\n        <\/div><!-- \/ctaButtons child -->\n\n    <\/div><!-- \/ctaButtons flexible -->\n\n<\/div><\/div><\/div>\n\t\t\t<div class=\"container alll-container\">\n\t\t\t\t<div class=\"alll-row row justify-content-center\">\n\t\t\t\t\t<div class=\"alll-rowInner alll-rowInner--general\">\n\n<\/div><\/div><\/div>\n\t\t\t<div class=\"container alll-container\">\n\t\t\t\t<div class=\"alll-row row justify-content-center\">\n\t\t\t\t\t<div class=\"alll-rowInner alll-rowInner--general\">\n<p><\/p>\n<\/div><\/div><\/div>","protected":false},"excerpt":{"rendered":"<p>Versterking van de elektriciteitsmeter In de loop der jaren kunnen uw behoeften op het vlak van elektriciteitsverbruik omwille van een aantal redenen veranderen. Wanneer er meer vermogen nodig is dan wat uw meter levert, dan zult u regelmatig last hebben van stroompannes. Behoud uw levenscomfort en ontdek onze totaaloplossingen voor de versterking van uw elektriciteitsmeter.<\/p>\n","protected":false},"author":1,"featured_media":3103,"parent":3607,"menu_order":2,"comment_status":"closed","ping_status":"closed","template":"","meta":{"_acf_changed":false,"neve_meta_sidebar":"","neve_meta_container":"","neve_meta_enable_content_width":"","neve_meta_content_width":0,"neve_meta_title_alignment":"","neve_meta_author_avatar":"","neve_post_elements_order":"","neve_meta_disable_header":"","neve_meta_disable_footer":"","neve_meta_disable_title":"","neve_meta_reading_time":"","footnotes":""},"class_list":["post-3583","page","type-page","status-publish","has-post-thumbnail","hentry"],"acf":[],"yoast_head":"<!-- This site is optimized with the Yoast SEO plugin v27.4 - https:\/\/yoast.com\/product\/yoast-seo-wordpress\/ -->\n<title>Versterking en installatie van elektriciteitsmeters<\/title>\n<meta name=\"description\" content=\"Versterking en installatie van elektriciteitsmeters: Az\u00e9lec past uw installatie volledig aan uw energiebehoeften aan.\" \/>\n<meta name=\"robots\" content=\"index, follow, max-snippet:-1, max-image-preview:large, max-video-preview:-1\" \/>\n<link rel=\"canonical\" href=\"https:\/\/azelec.be\/nl\/diensten\/algemene-elektriciteit\/elektrische-meters\/\" \/>\n<meta property=\"og:locale\" content=\"nl_NL\" \/>\n<meta property=\"og:type\" content=\"article\" \/>\n<meta property=\"og:title\" content=\"Versterking en installatie van elektriciteitsmeters\" \/>\n<meta property=\"og:description\" content=\"Versterking en installatie van elektriciteitsmeters: Az\u00e9lec past uw installatie volledig aan uw energiebehoeften aan.\" \/>\n<meta property=\"og:url\" content=\"https:\/\/azelec.be\/nl\/diensten\/algemene-elektriciteit\/elektrische-meters\/\" \/>\n<meta property=\"og:site_name\" content=\"Az\u00e9lec\" \/>\n<meta property=\"article:publisher\" content=\"https:\/\/facebook.com\/pages\/Azlec\/464300780395849\" \/>\n<meta property=\"article:modified_time\" content=\"2026-02-19T14:47:56+00:00\" \/>\n<meta property=\"og:image\" content=\"https:\/\/azelec.be\/wp-content\/uploads\/2024\/09\/shutterstock_236766154-scaled.jpg\" \/>\n\t<meta property=\"og:image:width\" content=\"2560\" \/>\n\t<meta property=\"og:image:height\" content=\"1707\" \/>\n\t<meta property=\"og:image:type\" content=\"image\/jpeg\" \/>\n<meta name=\"twitter:card\" content=\"summary_large_image\" \/>\n<meta name=\"twitter:label1\" content=\"Est. reading time\" \/>\n\t<meta name=\"twitter:data1\" content=\"1 minute\" \/>\n<script type=\"application\/ld+json\" class=\"yoast-schema-graph\">{\"@context\":\"https:\\\/\\\/schema.org\",\"@graph\":[{\"@type\":\"WebPage\",\"@id\":\"https:\\\/\\\/azelec.be\\\/nl\\\/diensten\\\/algemene-elektriciteit\\\/elektrische-meters\\\/\",\"url\":\"https:\\\/\\\/azelec.be\\\/nl\\\/diensten\\\/algemene-elektriciteit\\\/elektrische-meters\\\/\",\"name\":\"Versterking en installatie van elektriciteitsmeters\",\"isPartOf\":{\"@id\":\"https:\\\/\\\/azelec.be\\\/nl\\\/#website\"},\"primaryImageOfPage\":{\"@id\":\"https:\\\/\\\/azelec.be\\\/nl\\\/diensten\\\/algemene-elektriciteit\\\/elektrische-meters\\\/#primaryimage\"},\"image\":{\"@id\":\"https:\\\/\\\/azelec.be\\\/nl\\\/diensten\\\/algemene-elektriciteit\\\/elektrische-meters\\\/#primaryimage\"},\"thumbnailUrl\":\"https:\\\/\\\/azelec.be\\\/wp-content\\\/uploads\\\/2024\\\/09\\\/shutterstock_236766154-scaled.jpg\",\"datePublished\":\"2024-06-07T13:40:06+00:00\",\"dateModified\":\"2026-02-19T14:47:56+00:00\",\"description\":\"Versterking en installatie van elektriciteitsmeters: Az\u00e9lec past uw installatie volledig aan uw energiebehoeften aan.\",\"breadcrumb\":{\"@id\":\"https:\\\/\\\/azelec.be\\\/nl\\\/diensten\\\/algemene-elektriciteit\\\/elektrische-meters\\\/#breadcrumb\"},\"inLanguage\":\"nl-NL\",\"potentialAction\":[{\"@type\":\"ReadAction\",\"target\":[\"https:\\\/\\\/azelec.be\\\/nl\\\/diensten\\\/algemene-elektriciteit\\\/elektrische-meters\\\/\"]}]},{\"@type\":\"ImageObject\",\"inLanguage\":\"nl-NL\",\"@id\":\"https:\\\/\\\/azelec.be\\\/nl\\\/diensten\\\/algemene-elektriciteit\\\/elektrische-meters\\\/#primaryimage\",\"url\":\"https:\\\/\\\/azelec.be\\\/wp-content\\\/uploads\\\/2024\\\/09\\\/shutterstock_236766154-scaled.jpg\",\"contentUrl\":\"https:\\\/\\\/azelec.be\\\/wp-content\\\/uploads\\\/2024\\\/09\\\/shutterstock_236766154-scaled.jpg\",\"width\":2560,\"height\":1707,\"caption\":\"Controle van de conformiteit van een elektrische installatie.\"},{\"@type\":\"BreadcrumbList\",\"@id\":\"https:\\\/\\\/azelec.be\\\/nl\\\/diensten\\\/algemene-elektriciteit\\\/elektrische-meters\\\/#breadcrumb\",\"itemListElement\":[{\"@type\":\"ListItem\",\"position\":1,\"name\":\"Home\",\"item\":\"https:\\\/\\\/azelec.be\\\/nl\\\/\"},{\"@type\":\"ListItem\",\"position\":2,\"name\":\"Onze diensten\",\"item\":\"https:\\\/\\\/azelec.be\\\/nl\\\/diensten\\\/\"},{\"@type\":\"ListItem\",\"position\":3,\"name\":\"Algemene elektriciteit\",\"item\":\"https:\\\/\\\/azelec.be\\\/nl\\\/diensten\\\/algemene-elektriciteit\\\/\"},{\"@type\":\"ListItem\",\"position\":4,\"name\":\"Elektrische meters\"}]},{\"@type\":\"WebSite\",\"@id\":\"https:\\\/\\\/azelec.be\\\/nl\\\/#website\",\"url\":\"https:\\\/\\\/azelec.be\\\/nl\\\/\",\"name\":\"Az\u00e9lec\",\"description\":\"Entreprise g\u00e9n\u00e9rale d&#039;\u00e9lectricit\u00e9 dans le secteur de la construction pour les particuliers et professionnels.\",\"publisher\":{\"@id\":\"https:\\\/\\\/azelec.be\\\/nl\\\/#organization\"},\"potentialAction\":[{\"@type\":\"SearchAction\",\"target\":{\"@type\":\"EntryPoint\",\"urlTemplate\":\"https:\\\/\\\/azelec.be\\\/nl\\\/?s={search_term_string}\"},\"query-input\":{\"@type\":\"PropertyValueSpecification\",\"valueRequired\":true,\"valueName\":\"search_term_string\"}}],\"inLanguage\":\"nl-NL\"},{\"@type\":\"Organization\",\"@id\":\"https:\\\/\\\/azelec.be\\\/nl\\\/#organization\",\"name\":\"Az\u00e9lec\",\"url\":\"https:\\\/\\\/azelec.be\\\/nl\\\/\",\"logo\":{\"@type\":\"ImageObject\",\"inLanguage\":\"nl-NL\",\"@id\":\"https:\\\/\\\/azelec.be\\\/nl\\\/#\\\/schema\\\/logo\\\/image\\\/\",\"url\":\"https:\\\/\\\/azelec.be\\\/wp-content\\\/uploads\\\/2024\\\/07\\\/logo.svg\",\"contentUrl\":\"https:\\\/\\\/azelec.be\\\/wp-content\\\/uploads\\\/2024\\\/07\\\/logo.svg\",\"width\":493,\"height\":86,\"caption\":\"Az\u00e9lec\"},\"image\":{\"@id\":\"https:\\\/\\\/azelec.be\\\/nl\\\/#\\\/schema\\\/logo\\\/image\\\/\"},\"sameAs\":[\"https:\\\/\\\/facebook.com\\\/pages\\\/Azlec\\\/464300780395849\",\"https:\\\/\\\/www.instagram.com\\\/azelec.be\\\/\",\"https:\\\/\\\/www.linkedin.com\\\/company\\\/3338450\",\"https:\\\/\\\/www.youtube.com\\\/channel\\\/UCElmKgi5qzaPSqJ_u3IfvHw\"]}]}<\/script>\n<!-- \/ Yoast SEO plugin. -->","yoast_head_json":{"title":"Versterking en installatie van elektriciteitsmeters","description":"Versterking en installatie van elektriciteitsmeters: Az\u00e9lec past uw installatie volledig aan uw energiebehoeften aan.","robots":{"index":"index","follow":"follow","max-snippet":"max-snippet:-1","max-image-preview":"max-image-preview:large","max-video-preview":"max-video-preview:-1"},"canonical":"https:\/\/azelec.be\/nl\/diensten\/algemene-elektriciteit\/elektrische-meters\/","og_locale":"nl_NL","og_type":"article","og_title":"Versterking en installatie van elektriciteitsmeters","og_description":"Versterking en installatie van elektriciteitsmeters: Az\u00e9lec past uw installatie volledig aan uw energiebehoeften aan.","og_url":"https:\/\/azelec.be\/nl\/diensten\/algemene-elektriciteit\/elektrische-meters\/","og_site_name":"Az\u00e9lec","article_publisher":"https:\/\/facebook.com\/pages\/Azlec\/464300780395849","article_modified_time":"2026-02-19T14:47:56+00:00","og_image":[{"width":2560,"height":1707,"url":"https:\/\/azelec.be\/wp-content\/uploads\/2024\/09\/shutterstock_236766154-scaled.jpg","type":"image\/jpeg"}],"twitter_card":"summary_large_image","twitter_misc":{"Est. reading time":"1 minute"},"schema":{"@context":"https:\/\/schema.org","@graph":[{"@type":"WebPage","@id":"https:\/\/azelec.be\/nl\/diensten\/algemene-elektriciteit\/elektrische-meters\/","url":"https:\/\/azelec.be\/nl\/diensten\/algemene-elektriciteit\/elektrische-meters\/","name":"Versterking en installatie van elektriciteitsmeters","isPartOf":{"@id":"https:\/\/azelec.be\/nl\/#website"},"primaryImageOfPage":{"@id":"https:\/\/azelec.be\/nl\/diensten\/algemene-elektriciteit\/elektrische-meters\/#primaryimage"},"image":{"@id":"https:\/\/azelec.be\/nl\/diensten\/algemene-elektriciteit\/elektrische-meters\/#primaryimage"},"thumbnailUrl":"https:\/\/azelec.be\/wp-content\/uploads\/2024\/09\/shutterstock_236766154-scaled.jpg","datePublished":"2024-06-07T13:40:06+00:00","dateModified":"2026-02-19T14:47:56+00:00","description":"Versterking en installatie van elektriciteitsmeters: Az\u00e9lec past uw installatie volledig aan uw energiebehoeften aan.","breadcrumb":{"@id":"https:\/\/azelec.be\/nl\/diensten\/algemene-elektriciteit\/elektrische-meters\/#breadcrumb"},"inLanguage":"nl-NL","potentialAction":[{"@type":"ReadAction","target":["https:\/\/azelec.be\/nl\/diensten\/algemene-elektriciteit\/elektrische-meters\/"]}]},{"@type":"ImageObject","inLanguage":"nl-NL","@id":"https:\/\/azelec.be\/nl\/diensten\/algemene-elektriciteit\/elektrische-meters\/#primaryimage","url":"https:\/\/azelec.be\/wp-content\/uploads\/2024\/09\/shutterstock_236766154-scaled.jpg","contentUrl":"https:\/\/azelec.be\/wp-content\/uploads\/2024\/09\/shutterstock_236766154-scaled.jpg","width":2560,"height":1707,"caption":"Controle van de conformiteit van een elektrische installatie."},{"@type":"BreadcrumbList","@id":"https:\/\/azelec.be\/nl\/diensten\/algemene-elektriciteit\/elektrische-meters\/#breadcrumb","itemListElement":[{"@type":"ListItem","position":1,"name":"Home","item":"https:\/\/azelec.be\/nl\/"},{"@type":"ListItem","position":2,"name":"Onze diensten","item":"https:\/\/azelec.be\/nl\/diensten\/"},{"@type":"ListItem","position":3,"name":"Algemene elektriciteit","item":"https:\/\/azelec.be\/nl\/diensten\/algemene-elektriciteit\/"},{"@type":"ListItem","position":4,"name":"Elektrische meters"}]},{"@type":"WebSite","@id":"https:\/\/azelec.be\/nl\/#website","url":"https:\/\/azelec.be\/nl\/","name":"Az\u00e9lec","description":"Entreprise g\u00e9n\u00e9rale d&#039;\u00e9lectricit\u00e9 dans le secteur de la construction pour les particuliers et professionnels.","publisher":{"@id":"https:\/\/azelec.be\/nl\/#organization"},"potentialAction":[{"@type":"SearchAction","target":{"@type":"EntryPoint","urlTemplate":"https:\/\/azelec.be\/nl\/?s={search_term_string}"},"query-input":{"@type":"PropertyValueSpecification","valueRequired":true,"valueName":"search_term_string"}}],"inLanguage":"nl-NL"},{"@type":"Organization","@id":"https:\/\/azelec.be\/nl\/#organization","name":"Az\u00e9lec","url":"https:\/\/azelec.be\/nl\/","logo":{"@type":"ImageObject","inLanguage":"nl-NL","@id":"https:\/\/azelec.be\/nl\/#\/schema\/logo\/image\/","url":"https:\/\/azelec.be\/wp-content\/uploads\/2024\/07\/logo.svg","contentUrl":"https:\/\/azelec.be\/wp-content\/uploads\/2024\/07\/logo.svg","width":493,"height":86,"caption":"Az\u00e9lec"},"image":{"@id":"https:\/\/azelec.be\/nl\/#\/schema\/logo\/image\/"},"sameAs":["https:\/\/facebook.com\/pages\/Azlec\/464300780395849","https:\/\/www.instagram.com\/azelec.be\/","https:\/\/www.linkedin.com\/company\/3338450","https:\/\/www.youtube.com\/channel\/UCElmKgi5qzaPSqJ_u3IfvHw"]}]}},"_links":{"self":[{"href":"https:\/\/azelec.be\/nl\/wp-json\/wp\/v2\/pages\/3583","targetHints":{"allow":["GET"]}}],"collection":[{"href":"https:\/\/azelec.be\/nl\/wp-json\/wp\/v2\/pages"}],"about":[{"href":"https:\/\/azelec.be\/nl\/wp-json\/wp\/v2\/types\/page"}],"author":[{"embeddable":true,"href":"https:\/\/azelec.be\/nl\/wp-json\/wp\/v2\/users\/1"}],"replies":[{"embeddable":true,"href":"https:\/\/azelec.be\/nl\/wp-json\/wp\/v2\/comments?post=3583"}],"version-history":[{"count":0,"href":"https:\/\/azelec.be\/nl\/wp-json\/wp\/v2\/pages\/3583\/revisions"}],"up":[{"embeddable":true,"href":"https:\/\/azelec.be\/nl\/wp-json\/wp\/v2\/pages\/3607"}],"wp:featuredmedia":[{"embeddable":true,"href":"https:\/\/azelec.be\/nl\/wp-json\/wp\/v2\/media\/3103"}],"wp:attachment":[{"href":"https:\/\/azelec.be\/nl\/wp-json\/wp\/v2\/media?parent=3583"}],"curies":[{"name":"wp","href":"https:\/\/api.w.org\/{rel}","templated":true}]}}