{"id":3607,"date":"2024-05-27T14:23:46","date_gmt":"2024-05-27T12:23:46","guid":{"rendered":"https:\/\/azelec.be\/services\/electricite-generale\/"},"modified":"2026-02-19T15:31:37","modified_gmt":"2026-02-19T14:31:37","slug":"algemene-elektriciteit","status":"publish","type":"page","link":"https:\/\/azelec.be\/nl\/diensten\/algemene-elektriciteit\/","title":{"rendered":"Algemene elektriciteit"},"content":{"rendered":"\n\t\t\t<div class=\"container alll-container\">\n\t\t\t\t<div class=\"alll-row row justify-content-center\">\n\t\t\t\t\t<div class=\"alll-rowInner alll-rowInner--general\">\n<h1 class=\"wp-block-heading\">Van ontwerp <strong>tot installatie&#8230;<\/strong><\/h1>\n<\/div><\/div><\/div>\n\t\t\t<div class=\"container alll-container\">\n\t\t\t\t<div class=\"alll-row row justify-content-center\">\n\t\t\t\t\t<div class=\"alll-rowInner alll-rowInner--general\">\n\n<\/div><\/div><\/div>\n\t\t\t<div class=\"container alll-container\">\n\t\t\t\t<div class=\"alll-row row justify-content-center\">\n\t\t\t\t\t<div class=\"alll-rowInner alll-rowInner--general\">\n<p><em>Elk project is uniek en vraagt om een specifieke aanpak. Daarom bieden wij maatwerk door elektrische installaties te ontwerpen en te installeren die perfect aansluiten bij uw gebouw en activiteiten. Van ontwerp tot uitvoering doen wij er alles aan om resultaten te leveren die volledig aan uw verwachtingen voldoen, binnen de afgesproken termijnen en passend binnen uw budget.<\/em><\/p>\n<\/div><\/div><\/div>\n\t\t\t<div class=\"container alll-container\">\n\t\t\t\t<div class=\"alll-row row justify-content-center\">\n\t\t\t\t\t<div class=\"alll-rowInner alll-rowInner--general\">\n\n<\/div><\/div><\/div><div class=\"container-xxl\"><div class=\"row justify-content-center\"><div class=\"alll-rowInner alll-rowInner--side\">\n\n\n\n\n\n\n\n\n    <div class=\"m-flexible animated fadeInUp animate__slow m-flexible--sideBySide \" id=\"js-sideBySide-block_6d400c5c4db4a110a422f6c8bbf883ca\" >\n\n        <div class=\"m-flexible--sideBySide__child \">\n\n            <div class=\"m-flexible--sideBySide__body row justify-content-left\">\n\n                <div class=\"m-flexible--sideBySide__inception m-flexible--sideBySide__inception--img col-xxxl-6 col-xl-6 col-lg-12 col-md-12 col-sm-12 \">\n\n                    \n                    <img decoding=\"async\"   \n        width=\"500\"  height=\"190\" \n        src=\"https:\/\/azelec.be\/wp-content\/uploads\/2024\/10\/shutterstock_403271083-500x190.jpg\" \n        srcset=\"https:\/\/azelec.be\/wp-content\/uploads\/2024\/10\/shutterstock_403271083-500x190.jpg 500w, https:\/\/azelec.be\/wp-content\/uploads\/2024\/10\/shutterstock_403271083-1000x385.jpg 1000w, https:\/\/azelec.be\/wp-content\/uploads\/2024\/10\/shutterstock_403271083-2000x770.jpg 2000w\" \n        sizes=\"(max-width: 1199px) 100vw, 50vw\"  \n        alt=\"Kabelgoten in een industrieel gebouw.\"\n    \/>\n                <\/div>\n\n                <div class=\"m-flexible--sideBySide__inception m-flexible--sideBySide__inception--content col-xxl-4 col-xl-5 col-lg-12 col-md-12 col-sm-12 \">\n\n                                                                                <h2 class=\"\">De elektrische installatie is <strong>de ruggengraat van uw gebouw<\/strong><\/h2>                        \n                                                    <p><!-- wp:paragraph --><\/p>\n<p>Elektriciteit behoort tot ons dagelijkse leven. Daarom is het essentieel om uw energienoden van vandaag en morgen goed te defini\u00ebren. Door goed naar u te luisteren, kunnen wij u advies op maat geven en de elektrische installatie ontwerpen die het best aan uw activiteit en levensstijl is aangepast.<\/p>\n<p><!-- \/wp:paragraph --><\/p>\n                        \n                        \n                        \n                            <div class=\"m-actionContainer\">\n\n                                <a href=\"https:\/\/azelec.be\/nl\/diensten\/algemene-elektriciteit\/elektrische-installatie\/\" class=\"\n                                    m-action m-action--s2\">\n                                    <span>Elektrische installatie<\/span>\n                                <\/a>\n\n                            <\/div><!-- \/actionContainer -->\n\n                        \n\n                <\/div><!-- \/sideBySide__inception -->\n\n            <\/div><!-- \/sideBySide body -->\n\n        <\/div><!-- \/sideBySide child -->\n\n    <\/div><!-- \/sideBySide flexible -->\n\n\n<\/div><\/div><\/div>\n\t\t\t<div class=\"container alll-container\">\n\t\t\t\t<div class=\"alll-row row justify-content-center\">\n\t\t\t\t\t<div class=\"alll-rowInner alll-rowInner--general\">\n\n<\/div><\/div><\/div><div class=\"container-xxl\"><div class=\"row justify-content-center\"><div class=\"alll-rowInner alll-rowInner--side\">\n\n\n\n\n\n\n\n\n    <div class=\"m-flexible animated fadeInUp animate__slow m-flexible--sideBySide \" id=\"js-sideBySide-block_f1834b10f86ef9fb92b7d09f023d6401\" >\n\n        <div class=\"m-flexible--sideBySide__child \">\n\n            <div class=\"m-flexible--sideBySide__body row justify-content-left\">\n\n                <div class=\"m-flexible--sideBySide__inception m-flexible--sideBySide__inception--img col-xxxl-6 col-xl-6 col-lg-12 col-md-12 col-sm-12 order-xl-last\">\n\n                    \n                    <img decoding=\"async\"   \n        width=\"413\"  height=\"190\" \n        src=\"https:\/\/azelec.be\/wp-content\/uploads\/2024\/07\/construction-neuve-renovation-et-extension-de-vos-500x230.jpg\" \n        srcset=\"https:\/\/azelec.be\/wp-content\/uploads\/2024\/07\/construction-neuve-renovation-et-extension-de-vos-500x230.jpg 413w, https:\/\/azelec.be\/wp-content\/uploads\/2024\/07\/construction-neuve-renovation-et-extension-de-vos-1000x385.jpg 1000w, https:\/\/azelec.be\/wp-content\/uploads\/2024\/07\/construction-neuve-renovation-et-extension-de-vos-2000x770.jpg 2000w\" \n        sizes=\"(max-width: 1199px) 100vw, 50vw\"  \n        alt=\"Het uitvoeren van elektrische installatiewerkzaamheden.\"\n    \/>\n                <\/div>\n\n                <div class=\"m-flexible--sideBySide__inception m-flexible--sideBySide__inception--content col-xxl-4 col-xl-5 col-lg-12 col-md-12 col-sm-12  order-xl-first offset-xxl-1\">\n\n                                                                                <h2 class=\"\"><strong>Nieuwbouw<\/strong>, renovatie en uitbreiding van uw installaties<\/h2>                        \n                                                    <p>Omdat wij ieder project, ongeacht zijn omvang, belangrijk vinden, begeleidt Az\u00e9lec u bij de uitvoering van uw nieuwbouw- en renovatieprojecten en de uitbreiding van bestaande elektrische installaties.<\/p>\n                        \n                        \n                        \n                            <div class=\"m-actionContainer\">\n\n                                <a href=\"https:\/\/azelec.be\/nl\/diensten\/domotica\/\" class=\"\n                                    m-action m-action--s2\">\n                                    <span>Domotica<\/span>\n                                <\/a>\n\n                            <\/div><!-- \/actionContainer -->\n\n                        \n\n                <\/div><!-- \/sideBySide__inception -->\n\n            <\/div><!-- \/sideBySide body -->\n\n        <\/div><!-- \/sideBySide child -->\n\n    <\/div><!-- \/sideBySide flexible -->\n\n\n<\/div><\/div><\/div>\n\t\t\t<div class=\"container alll-container\">\n\t\t\t\t<div class=\"alll-row row justify-content-center\">\n\t\t\t\t\t<div class=\"alll-rowInner alll-rowInner--general\">\n\n<\/div><\/div><\/div><div class=\"container-xxl\"><div class=\"row justify-content-center\"><div class=\"alll-rowInner alll-rowInner--side\">\n\n\n\n\n\n\n\n\n    <div class=\"m-flexible animated fadeInUp animate__slow m-flexible--sideBySide \" id=\"js-sideBySide-block_0b2860bd1f78addc2741017c96be65d5\" >\n\n        <div class=\"m-flexible--sideBySide__child \">\n\n            <div class=\"m-flexible--sideBySide__body row justify-content-left\">\n\n                <div class=\"m-flexible--sideBySide__inception m-flexible--sideBySide__inception--img col-xxxl-6 col-xl-6 col-lg-12 col-md-12 col-sm-12 \">\n\n                    \n                    <img decoding=\"async\"   \n        width=\"500\"  height=\"190\" \n        src=\"https:\/\/azelec.be\/wp-content\/uploads\/2024\/10\/shutterstock_421825273-500x190.jpg\" \n        srcset=\"https:\/\/azelec.be\/wp-content\/uploads\/2024\/10\/shutterstock_421825273-500x190.jpg 500w, https:\/\/azelec.be\/wp-content\/uploads\/2024\/10\/shutterstock_421825273-1000x385.jpg 1000w, https:\/\/azelec.be\/wp-content\/uploads\/2024\/10\/shutterstock_421825273-2000x770.jpg 2000w\" \n        sizes=\"(max-width: 1199px) 100vw, 50vw\"  \n        alt=\"Werk aan complianceplannen.\"\n    \/>\n                <\/div>\n\n                <div class=\"m-flexible--sideBySide__inception m-flexible--sideBySide__inception--content col-xxl-4 col-xl-5 col-lg-12 col-md-12 col-sm-12 \">\n\n                                                                                <h2 class=\"\"><strong>Conformering <\/strong>van de installaties<\/h2>                        \n                                                    <p>Kies voor een veilige elektrische installatie!<\/p>\n<p><span data-contrast=\"none\">Bij een belangrijke wijziging aan een bestaande elektrische installatie, na de aankoop van een woning of tijdens een periodiek controlebezoek door een erkend keuringsorganisme, moet nagegaan worden of de elektrische installatie voldoet aan het Algemeen Reglement op de Elektrische Installaties (AREI). Az\u00e9lec kan de nodige werkzaamheden uitvoeren om de elektrische installatie van uw gebouw in overeenstemming te brengen met dit reglement.<\/span><span data-ccp-props=\"{&quot;201341983&quot;:0,&quot;335559739&quot;:0,&quot;335559740&quot;:240}\">\u00a0<\/span><\/p>\n<p>&nbsp;<\/p>\n                        \n                        \n                        \n                            <div class=\"m-actionContainer\">\n\n                                <a href=\"https:\/\/azelec.be\/nl\/diensten\/algemene-elektriciteit\/elektrische-installatie\/#js-sideBySide-block_fd7a4ef95337475f774cb866fdc73675\" class=\"\n                                    m-action m-action--s2\">\n                                    <span>Conformiteit van de installatie<\/span>\n                                <\/a>\n\n                            <\/div><!-- \/actionContainer -->\n\n                        \n\n                <\/div><!-- \/sideBySide__inception -->\n\n            <\/div><!-- \/sideBySide body -->\n\n        <\/div><!-- \/sideBySide child -->\n\n    <\/div><!-- \/sideBySide flexible -->\n\n\n<\/div><\/div><\/div>\n\t\t\t<div class=\"container alll-container\">\n\t\t\t\t<div class=\"alll-row row justify-content-center\">\n\t\t\t\t\t<div class=\"alll-rowInner alll-rowInner--general\">\n\n<\/div><\/div><\/div><div class=\"container-xxl\"><div class=\"row justify-content-center\"><div class=\"alll-rowInner alll-rowInner--side\">\n\n\n\n\n\n\n\n\n    <div class=\"m-flexible animated fadeInUp animate__slow m-flexible--sideBySide \" id=\"js-sideBySide-block_27c97b9c74c02d4049122ba2a1fb7753\" >\n\n        <div class=\"m-flexible--sideBySide__child \">\n\n            <div class=\"m-flexible--sideBySide__body row justify-content-left\">\n\n                <div class=\"m-flexible--sideBySide__inception m-flexible--sideBySide__inception--img col-xxxl-6 col-xl-6 col-lg-12 col-md-12 col-sm-12 order-xl-last\">\n\n                    \n                    <img decoding=\"async\"   \n        width=\"413\"  height=\"190\" \n        src=\"https:\/\/azelec.be\/wp-content\/uploads\/2024\/06\/Pourquoi-mise-terre-500x230.jpg\" \n        srcset=\"https:\/\/azelec.be\/wp-content\/uploads\/2024\/06\/Pourquoi-mise-terre-500x230.jpg 413w, https:\/\/azelec.be\/wp-content\/uploads\/2024\/06\/Pourquoi-mise-terre-1000x385.jpg 1000w, https:\/\/azelec.be\/wp-content\/uploads\/2024\/06\/Pourquoi-mise-terre-2000x770.jpg 2000w\" \n        sizes=\"(max-width: 1199px) 100vw, 50vw\"  \n        alt=\"Gele en groene aardingskabels.\"\n    \/>\n                <\/div>\n\n                <div class=\"m-flexible--sideBySide__inception m-flexible--sideBySide__inception--content col-xxl-4 col-xl-5 col-lg-12 col-md-12 col-sm-12  order-xl-first offset-xxl-1\">\n\n                                                                                <h2 class=\"\"><strong>Aarding<\/strong> van elektrische installaties <\/h2>                        \n                                                    <p>Bij de aarding van een elektrische installatie wordt een aardingspen of aardingslus via een PE-beschermingsgeleider verbonden met alle elektrische aansluitpunten en metalen delen in een gebouw. Hierdoor wordt elk risico op elektrocutie voorkomen, aangezien de elektrische installatie spanningsvrij is. Die wordt in geval van lekstroom immers automatisch onderbroken door de verliesstroomschakelaar.<\/p>\n<p>Wat moet er geaard worden?<\/p>\n<ul>\n<li>Alle apparaten van een elektrische installatie.<\/li>\n<li>Alle elektrische aansluitingen met de PE-beschermingsgeleider (groene\/gele draad).<\/li>\n<li>De massa van alle apparaten van \u201cklasse I\u201d met een aardingsklem met het symbool PE.<\/li>\n<li>De primaire equipotentiaalverbindingen van de gebouwen: alle geleidende elementen, zoals de metalen structuren en de metalen leidingen van gas, water en verwarming.<\/li>\n<li>De secundaire equipotentiaalverbindingen van de badkamers.<\/li>\n<\/ul>\n                        \n                        \n                        \n                            <div class=\"m-actionContainer\">\n\n                                <a href=\"https:\/\/azelec.be\/nl\/diensten\/algemene-elektriciteit\/aarding-elektrische-installatie\/\" class=\"\n                                    m-action m-action--s2\">\n                                    <span>Aarding en equipotentiaalverbindingen<\/span>\n                                <\/a>\n\n                            <\/div><!-- \/actionContainer -->\n\n                        \n\n                <\/div><!-- \/sideBySide__inception -->\n\n            <\/div><!-- \/sideBySide body -->\n\n        <\/div><!-- \/sideBySide child -->\n\n    <\/div><!-- \/sideBySide flexible -->\n\n\n<\/div><\/div><\/div>\n\t\t\t<div class=\"container alll-container\">\n\t\t\t\t<div class=\"alll-row row justify-content-center\">\n\t\t\t\t\t<div class=\"alll-rowInner alll-rowInner--general\">\n\n<\/div><\/div><\/div><div class=\"container-xxl\"><div class=\"row justify-content-center\"><div class=\"alll-rowInner alll-rowInner--side\">\n\n\n\n\n\n\n\n\n    <div class=\"m-flexible animated fadeInUp animate__slow m-flexible--sideBySide \" id=\"js-sideBySide-block_7d66a28c84e9e681265ee38d9816d8da\" >\n\n        <div class=\"m-flexible--sideBySide__child \">\n\n            <div class=\"m-flexible--sideBySide__body row justify-content-left\">\n\n                <div class=\"m-flexible--sideBySide__inception m-flexible--sideBySide__inception--img col-xxxl-6 col-xl-6 col-lg-12 col-md-12 col-sm-12 \">\n\n                    \n                    <img decoding=\"async\"   \n        width=\"500\"  height=\"190\" \n        src=\"https:\/\/azelec.be\/wp-content\/uploads\/2024\/09\/shutterstock_2234184099-500x190.jpg\" \n        srcset=\"https:\/\/azelec.be\/wp-content\/uploads\/2024\/09\/shutterstock_2234184099-500x190.jpg 500w, https:\/\/azelec.be\/wp-content\/uploads\/2024\/09\/shutterstock_2234184099-1000x385.jpg 1000w, https:\/\/azelec.be\/wp-content\/uploads\/2024\/09\/shutterstock_2234184099-2000x770.jpg 2000w\" \n        sizes=\"(max-width: 1199px) 100vw, 50vw\"  \n        alt=\"Stad in aanbouw.\"\n    \/>\n                <\/div>\n\n                <div class=\"m-flexible--sideBySide__inception m-flexible--sideBySide__inception--content col-xxl-4 col-xl-5 col-lg-12 col-md-12 col-sm-12 \">\n\n                                                                                <h2 class=\"\">Versterking van de <strong>elektriciteitsmeter<\/strong><\/h2>                        \n                                                    <p><strong>Vermogen conform uw noden. <\/strong><\/p>\n<p>Uw noden op het vlak van elektriciteitsverbruik zijn veranderd. U hebt andere elektrische apparaten ge\u00efnstalleerd of u hebt een oude woning gekocht en u wilt het vermogen van de elektrische installatie verhogen. Wij stellen u een totaaloplossing voor om al deze werkzaamheden uit te voeren.<\/p>\n                        \n                        \n                        \n                            <div class=\"m-actionContainer\">\n\n                                <a href=\"https:\/\/azelec.be\/nl\/diensten\/algemene-elektriciteit\/elektrische-meters\/\" class=\"\n                                    m-action m-action--s2\">\n                                    <span>Versterking van de elektriciteitsmeter<\/span>\n                                <\/a>\n\n                            <\/div><!-- \/actionContainer -->\n\n                        \n\n                <\/div><!-- \/sideBySide__inception -->\n\n            <\/div><!-- \/sideBySide body -->\n\n        <\/div><!-- \/sideBySide child -->\n\n    <\/div><!-- \/sideBySide flexible -->\n\n\n<\/div><\/div><\/div>\n\t\t\t<div class=\"container alll-container\">\n\t\t\t\t<div class=\"alll-row row justify-content-center\">\n\t\t\t\t\t<div class=\"alll-rowInner alll-rowInner--general\">\n\n<\/div><\/div><\/div><div class=\"container-xxl\"><div class=\"row justify-content-center\"><div class=\"alll-rowInner alll-rowInner--side\">\n\n\n\n\n\n\n\n\n    <div class=\"m-flexible animated fadeInUp animate__slow m-flexible--sideBySide \" id=\"js-sideBySide-block_63939ccec6988bb057cad45c5ac17dad\" >\n\n        <div class=\"m-flexible--sideBySide__child \">\n\n            <div class=\"m-flexible--sideBySide__body row justify-content-left\">\n\n                <div class=\"m-flexible--sideBySide__inception m-flexible--sideBySide__inception--img col-xxxl-6 col-xl-6 col-lg-12 col-md-12 col-sm-12 order-xl-last\">\n\n                    \n                    <img decoding=\"async\"   \n        width=\"500\"  height=\"190\" \n        src=\"https:\/\/azelec.be\/wp-content\/uploads\/2024\/09\/Image-4--500x190.jpg\" \n        srcset=\"https:\/\/azelec.be\/wp-content\/uploads\/2024\/09\/Image-4--500x190.jpg 500w, https:\/\/azelec.be\/wp-content\/uploads\/2024\/09\/Image-4--1000x385.jpg 1000w, https:\/\/azelec.be\/wp-content\/uploads\/2024\/09\/Image-4--2000x770.jpg 2000w\" \n        sizes=\"(max-width: 1199px) 100vw, 50vw\"  \n        alt=\"Een ontwerper bestudeert elektrische plannen.\"\n    \/>\n                <\/div>\n\n                <div class=\"m-flexible--sideBySide__inception m-flexible--sideBySide__inception--content col-xxl-4 col-xl-5 col-lg-12 col-md-12 col-sm-12  order-xl-first offset-xxl-1\">\n\n                                                                                <h2 class=\"\"><strong>Elektrische plannen<\/strong><\/h2>                        \n                                                    <p>Het eendraadschema bestaat uit verschillende symbolen die de samenstelling van de verschillende stroomkringen en onderlinge verbindingen beschrijven.<\/p>\n<p>Het positieschema is een plan dat de positionering van de onderdelen van de elektrische installatie weergeeft zoals beschreven in het eendraadschema, bijvoorbeeld: de positie van de verdeelborden, aftakdozen, stopcontacten, lichtpunten, schakelaars en apparaten. Als u niet over deze documenten beschikt, laten wij een technicus ter plaatse komen om alle elektrische stroomkringen van de bestaande installatie te laten lokaliseren en een ontwerp te laten maken. Onze tekenaar zal met behulp van speciale software het eendraadschema en het positieschema van de installatie opstellen. Daarna hoeft u alleen nog maar contact op te nemen met een inspecteur van een erkend keuringsorganisme en hem de plannen te tonen tijdens de controle van uw elektrische installatie.<\/p>\n                        \n                        \n                        \n                            <div class=\"m-actionContainer\">\n\n                                <a href=\"https:\/\/azelec.be\/nl\/diensten\/algemene-elektriciteit\/elektrische-schemas\/\" class=\"\n                                    m-action m-action--s2\">\n                                    <span>Elektrische plannen en schema\u2019s opstellen<\/span>\n                                <\/a>\n\n                            <\/div><!-- \/actionContainer -->\n\n                        \n\n                <\/div><!-- \/sideBySide__inception -->\n\n            <\/div><!-- \/sideBySide body -->\n\n        <\/div><!-- \/sideBySide child -->\n\n    <\/div><!-- \/sideBySide flexible -->\n\n\n<\/div><\/div><\/div>\n\t\t\t<div class=\"container alll-container\">\n\t\t\t\t<div class=\"alll-row row justify-content-center\">\n\t\t\t\t\t<div class=\"alll-rowInner alll-rowInner--general\">\n\n<\/div><\/div><\/div><div class=\"container-xxl\"><div class=\"row justify-content-center\"><div class=\"alll-rowInner alll-rowInner--side\">\n\n\n\n\n\n\n\n\n    <div class=\"m-flexible animated fadeInUp animate__slow m-flexible--sideBySide \" id=\"js-sideBySide-block_40817687333b37e6a56bba014ef88535\" >\n\n        <div class=\"m-flexible--sideBySide__child \">\n\n            <div class=\"m-flexible--sideBySide__body row justify-content-left\">\n\n                <div class=\"m-flexible--sideBySide__inception m-flexible--sideBySide__inception--img col-xxxl-6 col-xl-6 col-lg-12 col-md-12 col-sm-12 \">\n\n                    \n                    <img decoding=\"async\"   \n        width=\"500\"  height=\"190\" \n        src=\"https:\/\/azelec.be\/wp-content\/uploads\/2024\/09\/shutterstock_100640302-500x190.jpg\" \n        srcset=\"https:\/\/azelec.be\/wp-content\/uploads\/2024\/09\/shutterstock_100640302-500x190.jpg 500w, https:\/\/azelec.be\/wp-content\/uploads\/2024\/09\/shutterstock_100640302-1000x385.jpg 1000w, https:\/\/azelec.be\/wp-content\/uploads\/2024\/09\/shutterstock_100640302-2000x770.jpg 2000w\" \n        sizes=\"(max-width: 1199px) 100vw, 50vw\"  \n        alt=\"Zeer krachtige binnenverlichting.\"\n    \/>\n                <\/div>\n\n                <div class=\"m-flexible--sideBySide__inception m-flexible--sideBySide__inception--content col-xxl-4 col-xl-5 col-lg-12 col-md-12 col-sm-12 \">\n\n                                                                                <h2 class=\"\">Binnen- en <strong>buitenverlichting<\/strong><\/h2>                        \n                                                    <p>We hechten veel waarde aan de opwaardering van uw gebouw door sfeervolle en doordachte verlichting te ontwerpen die perfect aansluit bij uw activiteiten. Met onze expertise en uw wensen als uitgangspunt cre\u00ebren we de ideale verlichting, waarbij we rekening houden met meubels, materialen, producten of ruimtes die u extra in de kijker wilt zetten. Ons ultieme doel? Verlichting die helemaal geslaagd is.<\/p>\n                        \n                        \n                        \n                            <div class=\"m-actionContainer\">\n\n                                <a href=\"https:\/\/azelec.be\/nl\/diensten\/algemene-elektriciteit\/verlichting\/\" class=\"\n                                    m-action m-action--s2\">\n                                    <span>Binnen- en buitenverlichting<\/span>\n                                <\/a>\n\n                            <\/div><!-- \/actionContainer -->\n\n                        \n\n                <\/div><!-- \/sideBySide__inception -->\n\n            <\/div><!-- \/sideBySide body -->\n\n        <\/div><!-- \/sideBySide child -->\n\n    <\/div><!-- \/sideBySide flexible -->\n\n\n<\/div><\/div><\/div>\n\t\t\t<div class=\"container alll-container\">\n\t\t\t\t<div class=\"alll-row row justify-content-center\">\n\t\t\t\t\t<div class=\"alll-rowInner alll-rowInner--general\">\n\n<\/div><\/div><\/div>\n\t\t\t<div class=\"container alll-container\">\n\t\t\t\t<div class=\"alll-row row justify-content-center\">\n\t\t\t\t\t<div class=\"alll-rowInner alll-rowInner--general\">\n\n\n\n\n\n    <div class=\"m-flexible animated fadeInUp animate__slow m-flexible m-flexible--ctaButtons  m-txt--center \" id=\"js-ctaButtons-block_c007f81e2c5282e096c1275471367fb1\">\n\n        <div class=\"m-flexible--ctaButtons__child container\">\n\n            <div class=\"m-flexible--ctaButtons__body row justify-content-center\">\n\n                <div class=\"m-flexible--ctaButtons__inception col-10 col-lg-8 col-md-6 col-sm-4\">\n\n                        \n                        \n                        \n                        \n                            <div class=\"m-actionContainer\">\n\n                                 \n\n                                <a \n                                    href=\"https:\/\/azelec.be\/nl\/offerte-aanvraag\/\" \n\n                                    data-event=\"az_intent_cta_click\" data-cta-position=\"end_of_page\" data-lang=\"nl\" data-page-type=\"service\" data-cta-type=\"quote\"\n                                    class=\"\n                                    m-action\">\n                                    <span>Offerte aanvragen<\/span>\n                                <\/a>\n\n                            <\/div><!-- \/actionContainer -->\n\n                        \n\n                <\/div><!-- \/ctaButtons__inception -->\n\n            <\/div><!-- \/ctaButtons body -->\n\n        <\/div><!-- \/ctaButtons child -->\n\n    <\/div><!-- \/ctaButtons flexible -->\n\n<\/div><\/div><\/div>\n\t\t\t<div class=\"container alll-container\">\n\t\t\t\t<div class=\"alll-row row justify-content-center\">\n\t\t\t\t\t<div class=\"alll-rowInner alll-rowInner--general\">\n\n<\/div><\/div><\/div>\n\t\t\t<div class=\"container alll-container\">\n\t\t\t\t<div class=\"alll-row row justify-content-center\">\n\t\t\t\t\t<div class=\"alll-rowInner alll-rowInner--general\">\n<p><\/p>\n<\/div><\/div><\/div>","protected":false},"excerpt":{"rendered":"<p>Van ontwerp tot installatie&#8230; Elk project is uniek en vraagt om een specifieke aanpak. Daarom bieden wij maatwerk door elektrische installaties te ontwerpen en te installeren die perfect aansluiten bij uw gebouw en activiteiten. Van ontwerp tot uitvoering doen wij er alles aan om resultaten te leveren die volledig aan uw verwachtingen voldoen, binnen de&hellip;&nbsp;<a href=\"https:\/\/azelec.be\/nl\/diensten\/algemene-elektriciteit\/\" rel=\"bookmark\">Read More &raquo;<span class=\"screen-reader-text\">Algemene elektriciteit<\/span><\/a><\/p>\n","protected":false},"author":1,"featured_media":3149,"parent":3489,"menu_order":0,"comment_status":"closed","ping_status":"closed","template":"","meta":{"_acf_changed":false,"neve_meta_sidebar":"","neve_meta_container":"","neve_meta_enable_content_width":"","neve_meta_content_width":0,"neve_meta_title_alignment":"","neve_meta_author_avatar":"","neve_post_elements_order":"","neve_meta_disable_header":"","neve_meta_disable_footer":"","neve_meta_disable_title":"","neve_meta_reading_time":"","footnotes":""},"class_list":["post-3607","page","type-page","status-publish","has-post-thumbnail","hentry"],"acf":[],"yoast_head":"<!-- This site is optimized with the Yoast SEO plugin v27.4 - https:\/\/yoast.com\/product\/yoast-seo-wordpress\/ -->\n<title>Algemene elektriciteit : van ontwerp tot installatie...<\/title>\n<meta name=\"description\" content=\"Algemene elektrische diensten: installatie, renovatie, compliance en probleemoplossing. Oplossingen aangepast aan uw behoeften door Az\u00e9lec.\" \/>\n<meta name=\"robots\" content=\"index, follow, max-snippet:-1, max-image-preview:large, max-video-preview:-1\" \/>\n<link rel=\"canonical\" href=\"https:\/\/azelec.be\/nl\/diensten\/algemene-elektriciteit\/\" \/>\n<meta property=\"og:locale\" content=\"nl_NL\" \/>\n<meta property=\"og:type\" content=\"article\" \/>\n<meta property=\"og:title\" content=\"Algemene elektriciteit : van ontwerp tot installatie...\" \/>\n<meta property=\"og:description\" content=\"Algemene elektrische diensten: installatie, renovatie, compliance en probleemoplossing. Oplossingen aangepast aan uw behoeften door Az\u00e9lec.\" \/>\n<meta property=\"og:url\" content=\"https:\/\/azelec.be\/nl\/diensten\/algemene-elektriciteit\/\" \/>\n<meta property=\"og:site_name\" content=\"Az\u00e9lec\" \/>\n<meta property=\"article:publisher\" content=\"https:\/\/facebook.com\/pages\/Azlec\/464300780395849\" \/>\n<meta property=\"article:modified_time\" content=\"2026-02-19T14:31:37+00:00\" \/>\n<meta property=\"og:image\" content=\"https:\/\/azelec.be\/wp-content\/uploads\/2024\/10\/shutterstock_1038172570-scaled.jpg\" \/>\n\t<meta property=\"og:image:width\" content=\"2560\" \/>\n\t<meta property=\"og:image:height\" content=\"1709\" \/>\n\t<meta property=\"og:image:type\" content=\"image\/jpeg\" \/>\n<meta name=\"twitter:card\" content=\"summary_large_image\" \/>\n<meta name=\"twitter:label1\" content=\"Est. reading time\" \/>\n\t<meta name=\"twitter:data1\" content=\"1 minute\" \/>\n<script type=\"application\/ld+json\" class=\"yoast-schema-graph\">{\"@context\":\"https:\\\/\\\/schema.org\",\"@graph\":[{\"@type\":\"WebPage\",\"@id\":\"https:\\\/\\\/azelec.be\\\/nl\\\/diensten\\\/algemene-elektriciteit\\\/\",\"url\":\"https:\\\/\\\/azelec.be\\\/nl\\\/diensten\\\/algemene-elektriciteit\\\/\",\"name\":\"Algemene elektriciteit : van ontwerp tot installatie...\",\"isPartOf\":{\"@id\":\"https:\\\/\\\/azelec.be\\\/nl\\\/#website\"},\"primaryImageOfPage\":{\"@id\":\"https:\\\/\\\/azelec.be\\\/nl\\\/diensten\\\/algemene-elektriciteit\\\/#primaryimage\"},\"image\":{\"@id\":\"https:\\\/\\\/azelec.be\\\/nl\\\/diensten\\\/algemene-elektriciteit\\\/#primaryimage\"},\"thumbnailUrl\":\"https:\\\/\\\/azelec.be\\\/wp-content\\\/uploads\\\/2024\\\/10\\\/shutterstock_1038172570-scaled.jpg\",\"datePublished\":\"2024-05-27T12:23:46+00:00\",\"dateModified\":\"2026-02-19T14:31:37+00:00\",\"description\":\"Algemene elektrische diensten: installatie, renovatie, compliance en probleemoplossing. Oplossingen aangepast aan uw behoeften door Az\u00e9lec.\",\"breadcrumb\":{\"@id\":\"https:\\\/\\\/azelec.be\\\/nl\\\/diensten\\\/algemene-elektriciteit\\\/#breadcrumb\"},\"inLanguage\":\"nl-NL\",\"potentialAction\":[{\"@type\":\"ReadAction\",\"target\":[\"https:\\\/\\\/azelec.be\\\/nl\\\/diensten\\\/algemene-elektriciteit\\\/\"]}]},{\"@type\":\"ImageObject\",\"inLanguage\":\"nl-NL\",\"@id\":\"https:\\\/\\\/azelec.be\\\/nl\\\/diensten\\\/algemene-elektriciteit\\\/#primaryimage\",\"url\":\"https:\\\/\\\/azelec.be\\\/wp-content\\\/uploads\\\/2024\\\/10\\\/shutterstock_1038172570-scaled.jpg\",\"contentUrl\":\"https:\\\/\\\/azelec.be\\\/wp-content\\\/uploads\\\/2024\\\/10\\\/shutterstock_1038172570-scaled.jpg\",\"width\":2560,\"height\":1709},{\"@type\":\"BreadcrumbList\",\"@id\":\"https:\\\/\\\/azelec.be\\\/nl\\\/diensten\\\/algemene-elektriciteit\\\/#breadcrumb\",\"itemListElement\":[{\"@type\":\"ListItem\",\"position\":1,\"name\":\"Home\",\"item\":\"https:\\\/\\\/azelec.be\\\/nl\\\/\"},{\"@type\":\"ListItem\",\"position\":2,\"name\":\"Onze diensten\",\"item\":\"https:\\\/\\\/azelec.be\\\/nl\\\/diensten\\\/\"},{\"@type\":\"ListItem\",\"position\":3,\"name\":\"Algemene elektriciteit\"}]},{\"@type\":\"WebSite\",\"@id\":\"https:\\\/\\\/azelec.be\\\/nl\\\/#website\",\"url\":\"https:\\\/\\\/azelec.be\\\/nl\\\/\",\"name\":\"Az\u00e9lec\",\"description\":\"Entreprise g\u00e9n\u00e9rale d&#039;\u00e9lectricit\u00e9 dans le secteur de la construction pour les particuliers et professionnels.\",\"publisher\":{\"@id\":\"https:\\\/\\\/azelec.be\\\/nl\\\/#organization\"},\"potentialAction\":[{\"@type\":\"SearchAction\",\"target\":{\"@type\":\"EntryPoint\",\"urlTemplate\":\"https:\\\/\\\/azelec.be\\\/nl\\\/?s={search_term_string}\"},\"query-input\":{\"@type\":\"PropertyValueSpecification\",\"valueRequired\":true,\"valueName\":\"search_term_string\"}}],\"inLanguage\":\"nl-NL\"},{\"@type\":\"Organization\",\"@id\":\"https:\\\/\\\/azelec.be\\\/nl\\\/#organization\",\"name\":\"Az\u00e9lec\",\"url\":\"https:\\\/\\\/azelec.be\\\/nl\\\/\",\"logo\":{\"@type\":\"ImageObject\",\"inLanguage\":\"nl-NL\",\"@id\":\"https:\\\/\\\/azelec.be\\\/nl\\\/#\\\/schema\\\/logo\\\/image\\\/\",\"url\":\"https:\\\/\\\/azelec.be\\\/wp-content\\\/uploads\\\/2024\\\/07\\\/logo.svg\",\"contentUrl\":\"https:\\\/\\\/azelec.be\\\/wp-content\\\/uploads\\\/2024\\\/07\\\/logo.svg\",\"width\":493,\"height\":86,\"caption\":\"Az\u00e9lec\"},\"image\":{\"@id\":\"https:\\\/\\\/azelec.be\\\/nl\\\/#\\\/schema\\\/logo\\\/image\\\/\"},\"sameAs\":[\"https:\\\/\\\/facebook.com\\\/pages\\\/Azlec\\\/464300780395849\",\"https:\\\/\\\/www.instagram.com\\\/azelec.be\\\/\",\"https:\\\/\\\/www.linkedin.com\\\/company\\\/3338450\",\"https:\\\/\\\/www.youtube.com\\\/channel\\\/UCElmKgi5qzaPSqJ_u3IfvHw\"]}]}<\/script>\n<!-- \/ Yoast SEO plugin. -->","yoast_head_json":{"title":"Algemene elektriciteit : van ontwerp tot installatie...","description":"Algemene elektrische diensten: installatie, renovatie, compliance en probleemoplossing. Oplossingen aangepast aan uw behoeften door Az\u00e9lec.","robots":{"index":"index","follow":"follow","max-snippet":"max-snippet:-1","max-image-preview":"max-image-preview:large","max-video-preview":"max-video-preview:-1"},"canonical":"https:\/\/azelec.be\/nl\/diensten\/algemene-elektriciteit\/","og_locale":"nl_NL","og_type":"article","og_title":"Algemene elektriciteit : van ontwerp tot installatie...","og_description":"Algemene elektrische diensten: installatie, renovatie, compliance en probleemoplossing. Oplossingen aangepast aan uw behoeften door Az\u00e9lec.","og_url":"https:\/\/azelec.be\/nl\/diensten\/algemene-elektriciteit\/","og_site_name":"Az\u00e9lec","article_publisher":"https:\/\/facebook.com\/pages\/Azlec\/464300780395849","article_modified_time":"2026-02-19T14:31:37+00:00","og_image":[{"width":2560,"height":1709,"url":"https:\/\/azelec.be\/wp-content\/uploads\/2024\/10\/shutterstock_1038172570-scaled.jpg","type":"image\/jpeg"}],"twitter_card":"summary_large_image","twitter_misc":{"Est. reading time":"1 minute"},"schema":{"@context":"https:\/\/schema.org","@graph":[{"@type":"WebPage","@id":"https:\/\/azelec.be\/nl\/diensten\/algemene-elektriciteit\/","url":"https:\/\/azelec.be\/nl\/diensten\/algemene-elektriciteit\/","name":"Algemene elektriciteit : van ontwerp tot installatie...","isPartOf":{"@id":"https:\/\/azelec.be\/nl\/#website"},"primaryImageOfPage":{"@id":"https:\/\/azelec.be\/nl\/diensten\/algemene-elektriciteit\/#primaryimage"},"image":{"@id":"https:\/\/azelec.be\/nl\/diensten\/algemene-elektriciteit\/#primaryimage"},"thumbnailUrl":"https:\/\/azelec.be\/wp-content\/uploads\/2024\/10\/shutterstock_1038172570-scaled.jpg","datePublished":"2024-05-27T12:23:46+00:00","dateModified":"2026-02-19T14:31:37+00:00","description":"Algemene elektrische diensten: installatie, renovatie, compliance en probleemoplossing. Oplossingen aangepast aan uw behoeften door Az\u00e9lec.","breadcrumb":{"@id":"https:\/\/azelec.be\/nl\/diensten\/algemene-elektriciteit\/#breadcrumb"},"inLanguage":"nl-NL","potentialAction":[{"@type":"ReadAction","target":["https:\/\/azelec.be\/nl\/diensten\/algemene-elektriciteit\/"]}]},{"@type":"ImageObject","inLanguage":"nl-NL","@id":"https:\/\/azelec.be\/nl\/diensten\/algemene-elektriciteit\/#primaryimage","url":"https:\/\/azelec.be\/wp-content\/uploads\/2024\/10\/shutterstock_1038172570-scaled.jpg","contentUrl":"https:\/\/azelec.be\/wp-content\/uploads\/2024\/10\/shutterstock_1038172570-scaled.jpg","width":2560,"height":1709},{"@type":"BreadcrumbList","@id":"https:\/\/azelec.be\/nl\/diensten\/algemene-elektriciteit\/#breadcrumb","itemListElement":[{"@type":"ListItem","position":1,"name":"Home","item":"https:\/\/azelec.be\/nl\/"},{"@type":"ListItem","position":2,"name":"Onze diensten","item":"https:\/\/azelec.be\/nl\/diensten\/"},{"@type":"ListItem","position":3,"name":"Algemene elektriciteit"}]},{"@type":"WebSite","@id":"https:\/\/azelec.be\/nl\/#website","url":"https:\/\/azelec.be\/nl\/","name":"Az\u00e9lec","description":"Entreprise g\u00e9n\u00e9rale d&#039;\u00e9lectricit\u00e9 dans le secteur de la construction pour les particuliers et professionnels.","publisher":{"@id":"https:\/\/azelec.be\/nl\/#organization"},"potentialAction":[{"@type":"SearchAction","target":{"@type":"EntryPoint","urlTemplate":"https:\/\/azelec.be\/nl\/?s={search_term_string}"},"query-input":{"@type":"PropertyValueSpecification","valueRequired":true,"valueName":"search_term_string"}}],"inLanguage":"nl-NL"},{"@type":"Organization","@id":"https:\/\/azelec.be\/nl\/#organization","name":"Az\u00e9lec","url":"https:\/\/azelec.be\/nl\/","logo":{"@type":"ImageObject","inLanguage":"nl-NL","@id":"https:\/\/azelec.be\/nl\/#\/schema\/logo\/image\/","url":"https:\/\/azelec.be\/wp-content\/uploads\/2024\/07\/logo.svg","contentUrl":"https:\/\/azelec.be\/wp-content\/uploads\/2024\/07\/logo.svg","width":493,"height":86,"caption":"Az\u00e9lec"},"image":{"@id":"https:\/\/azelec.be\/nl\/#\/schema\/logo\/image\/"},"sameAs":["https:\/\/facebook.com\/pages\/Azlec\/464300780395849","https:\/\/www.instagram.com\/azelec.be\/","https:\/\/www.linkedin.com\/company\/3338450","https:\/\/www.youtube.com\/channel\/UCElmKgi5qzaPSqJ_u3IfvHw"]}]}},"_links":{"self":[{"href":"https:\/\/azelec.be\/nl\/wp-json\/wp\/v2\/pages\/3607","targetHints":{"allow":["GET"]}}],"collection":[{"href":"https:\/\/azelec.be\/nl\/wp-json\/wp\/v2\/pages"}],"about":[{"href":"https:\/\/azelec.be\/nl\/wp-json\/wp\/v2\/types\/page"}],"author":[{"embeddable":true,"href":"https:\/\/azelec.be\/nl\/wp-json\/wp\/v2\/users\/1"}],"replies":[{"embeddable":true,"href":"https:\/\/azelec.be\/nl\/wp-json\/wp\/v2\/comments?post=3607"}],"version-history":[{"count":0,"href":"https:\/\/azelec.be\/nl\/wp-json\/wp\/v2\/pages\/3607\/revisions"}],"up":[{"embeddable":true,"href":"https:\/\/azelec.be\/nl\/wp-json\/wp\/v2\/pages\/3489"}],"wp:featuredmedia":[{"embeddable":true,"href":"https:\/\/azelec.be\/nl\/wp-json\/wp\/v2\/media\/3149"}],"wp:attachment":[{"href":"https:\/\/azelec.be\/nl\/wp-json\/wp\/v2\/media?parent=3607"}],"curies":[{"name":"wp","href":"https:\/\/api.w.org\/{rel}","templated":true}]}}